{"id":2161,"date":"2020-02-04T20:57:06","date_gmt":"2020-02-04T20:57:06","guid":{"rendered":"https:\/\/ritter-handschuhsheim.com\/?page_id=2161"},"modified":"2021-07-01T09:18:26","modified_gmt":"2021-07-01T09:18:26","slug":"datenschutz","status":"publish","type":"page","link":"https:\/\/ritter-handschuhsheim.com\/?page_id=2161","title":{"rendered":"Datenschutz"},"content":{"rendered":"<p>[et_pb_section fb_built=&#8220;1&#8243; admin_label=&#8220;Gallery&#8220; _builder_version=&#8220;3.22&#8243; background_color=&#8220;#f9f9fb&#8220; background_size=&#8220;initial&#8220; background_position=&#8220;bottom_left&#8220;][et_pb_row _builder_version=&#8220;3.25&#8243; custom_padding=&#8220;0|0px|0|0px|false|false&#8220;][et_pb_column type=&#8220;4_4&#8243; _builder_version=&#8220;3.25&#8243; custom_padding=&#8220;|||&#8220; custom_padding__hover=&#8220;|||&#8220;][et_pb_text _builder_version=&#8220;4.3.4&#8243; text_font=&#8220;||||||||&#8220; text_line_height=&#8220;2em&#8220; header_font=&#8220;Abril Fatface||||||||&#8220; header_text_color=&#8220;#492200&#8243; header_font_size=&#8220;62px&#8220; header_2_font=&#8220;Abril Fatface||||||||&#8220; header_2_text_color=&#8220;#492200&#8243; header_2_font_size=&#8220;60px&#8220; header_2_line_height=&#8220;1.2em&#8220; max_width=&#8220;600px&#8220; header_2_font_size_tablet=&#8220;50px&#8220; header_2_font_size_phone=&#8220;32px&#8220; header_2_font_size_last_edited=&#8220;on|desktop&#8220;]<\/p>\n<h1>Datenschutz<\/h1>\n<p>[\/et_pb_text][\/et_pb_column][\/et_pb_row][et_pb_row column_structure=&#8220;3_4,1_4&#8243; _builder_version=&#8220;4.2.2&#8243;][et_pb_column type=&#8220;3_4&#8243; _builder_version=&#8220;4.2.2&#8243;][et_pb_text _builder_version=&#8220;4.2.2&#8243;]<\/p>\n<p>Diese Datenschutzerkl\u00e4rung kl\u00e4rt Sie \u00fcber die Art, den Umfang und Zweck der Verarbeitung von personenbezogenen Daten (nachfolgend kurz \u201eDaten\u201c) innerhalb unseres Onlineangebotes und der mit ihm verbundenen Webseiten, Funktionen und Inhalte sowie externen Onlinepr\u00e4senzen, wie z.B. unser Social Media Profile auf (nachfolgend gemeinsam bezeichnet als \u201eOnlineangebot\u201c). Im Hinblick auf die verwendeten Begrifflichkeiten, wie z.B. \u201eVerarbeitung\u201c oder \u201eVerantwortlicher\u201c verweisen wir auf die Definitionen im Art. 4 der Datenschutzgrundverordnung (DSGVO).<\/p>\n<p>[\/et_pb_text][\/et_pb_column][et_pb_column type=&#8220;1_4&#8243; _builder_version=&#8220;4.2.2&#8243;][\/et_pb_column][\/et_pb_row][et_pb_row _builder_version=&#8220;3.25&#8243; custom_padding=&#8220;0|0px|0|0px|false|false&#8220;][et_pb_column type=&#8220;4_4&#8243; _builder_version=&#8220;3.25&#8243; custom_padding=&#8220;|||&#8220; custom_padding__hover=&#8220;|||&#8220;][et_pb_text _builder_version=&#8220;4.2.2&#8243; text_font=&#8220;||||||||&#8220; text_line_height=&#8220;2em&#8220; header_font=&#8220;||||||||&#8220; header_text_color=&#8220;#492200&#8243; header_2_font=&#8220;Abril Fatface||||||||&#8220; header_2_text_color=&#8220;#492200&#8243; header_2_font_size=&#8220;60px&#8220; header_2_line_height=&#8220;1.2em&#8220; max_width=&#8220;600px&#8220; header_2_font_size_tablet=&#8220;50px&#8220; header_2_font_size_phone=&#8220;32px&#8220; header_2_font_size_last_edited=&#8220;on|desktop&#8220;]<\/p>\n<h2>Verantwortlicher<\/h2>\n<p>[\/et_pb_text][\/et_pb_column][\/et_pb_row][et_pb_row column_structure=&#8220;2_5,3_5&#8243; _builder_version=&#8220;4.2.2&#8243;][et_pb_column type=&#8220;2_5&#8243; _builder_version=&#8220;4.2.2&#8243;][et_pb_text _builder_version=&#8220;4.3.4&#8243;]<\/p>\n<p><strong>Angaben gem\u00e4\u00df \u00a7 5 TMG:<\/strong><\/p>\n<p>Simioni<br \/>Friedensstra\u00dfe 27,<br \/>69121 Heidelberg<\/p>\n<p><strong>Vertreten durch:<\/strong><br \/>Gabriele Simioni<br \/><strong>Kontakt:<\/strong><br \/>Telefon: +49 (0) 6221 8733399<br \/>E-Mail:\u00a0<a href=\"mailto:info@ritter-handschuhsheim.com\"><span color=\"#ffffff\">info@ritter-handschuhsheim.com<\/span><\/a><\/p>\n<p>[\/et_pb_text][\/et_pb_column][et_pb_column type=&#8220;3_5&#8243; _builder_version=&#8220;4.2.2&#8243;][\/et_pb_column][\/et_pb_row][et_pb_row _builder_version=&#8220;3.25&#8243; custom_padding=&#8220;0|0px|0|0px|false|false&#8220;][et_pb_column type=&#8220;4_4&#8243; _builder_version=&#8220;3.25&#8243; custom_padding=&#8220;|||&#8220; custom_padding__hover=&#8220;|||&#8220;][et_pb_text _builder_version=&#8220;4.2.2&#8243; text_font=&#8220;||||||||&#8220; text_line_height=&#8220;2em&#8220; header_font=&#8220;||||||||&#8220; header_text_color=&#8220;#492200&#8243; header_2_font=&#8220;Abril Fatface||||||||&#8220; header_2_text_color=&#8220;#492200&#8243; header_2_font_size=&#8220;60px&#8220; header_2_line_height=&#8220;1.2em&#8220; max_width=&#8220;600px&#8220; header_2_font_size_tablet=&#8220;50px&#8220; header_2_font_size_phone=&#8220;32px&#8220; header_2_font_size_last_edited=&#8220;on|desktop&#8220;]<\/p>\n<div class=\"et_pb_module et_pb_text et_pb_text_4 et_pb_bg_layout_light  et_pb_text_align_left\">\n<div class=\"et_pb_text_inner\">\n<h2>Ma\u00dfgebliche Rechtsgrundlagen<\/h2>\n<\/div>\n<\/div>\n<p>[\/et_pb_text][\/et_pb_column][\/et_pb_row][et_pb_row column_structure=&#8220;3_4,1_4&#8243; _builder_version=&#8220;4.2.2&#8243;][et_pb_column type=&#8220;3_4&#8243; _builder_version=&#8220;4.2.2&#8243;][et_pb_text _builder_version=&#8220;4.2.2&#8243;]<\/p>\n<p>Nach Ma\u00dfgabe des Art. 13 DSGVO teilen wir Ihnen die Rechtsgrundlagen unserer Datenverarbeitungen mit. Sofern die Rechtsgrundlage in der Datenschutzerkl\u00e4rung nicht genannt wird, gilt Folgendes: Die Rechtsgrundlage f\u00fcr die Einholung von Einwilligungen ist Art. 6 Abs. 1 lit. a und Art. 7 DSGVO, die Rechtsgrundlage f\u00fcr die Verarbeitung zur Erf\u00fcllung unserer Leistungen und Durchf\u00fchrung vertraglicher Ma\u00dfnahmen sowie Beantwortung von Anfragen ist Art. 6 Abs. 1 lit. b DSGVO, die Rechtsgrundlage f\u00fcr die Verarbeitung zur Erf\u00fcllung unserer rechtlichen Verpflichtungen ist Art. 6 Abs. 1 lit. c DSGVO, und die Rechtsgrundlage f\u00fcr die Verarbeitung zur Wahrung unserer berechtigten Interessen ist Art. 6 Abs. 1 lit. f DSGVO. F\u00fcr den Fall, dass lebenswichtige Interessen der betroffenen Person oder einer anderen nat\u00fcrlichen Person eine Verarbeitung personenbezogener Daten erforderlich machen, dient Art. 6 Abs. 1 lit. d DSGVO als Rechtsgrundlage.<\/p>\n<p>[\/et_pb_text][\/et_pb_column][et_pb_column type=&#8220;1_4&#8243; _builder_version=&#8220;4.2.2&#8243;][\/et_pb_column][\/et_pb_row][et_pb_row _builder_version=&#8220;4.2.2&#8243; custom_padding=&#8220;0|0px|0|0px|false|false&#8220;][et_pb_column type=&#8220;4_4&#8243; _builder_version=&#8220;3.25&#8243; custom_padding=&#8220;|||&#8220; custom_padding__hover=&#8220;|||&#8220;][et_pb_text _builder_version=&#8220;4.2.2&#8243; text_font=&#8220;||||||||&#8220; text_line_height=&#8220;2em&#8220; header_font=&#8220;||||||||&#8220; header_text_color=&#8220;#492200&#8243; header_2_font=&#8220;Abril Fatface||||||||&#8220; header_2_text_color=&#8220;#492200&#8243; header_2_font_size=&#8220;60px&#8220; header_2_line_height=&#8220;1.2em&#8220; max_width=&#8220;600px&#8220; header_2_font_size_tablet=&#8220;50px&#8220; header_2_font_size_phone=&#8220;32px&#8220; header_2_font_size_last_edited=&#8220;on|desktop&#8220;]<\/p>\n<div class=\"et_pb_module et_pb_text et_pb_text_4 et_pb_bg_layout_light  et_pb_text_align_left\">\n<div class=\"et_pb_text_inner\">\n<h2>Sicherheits-ma\u00dfnahmen<\/h2>\n<\/div>\n<\/div>\n<p>[\/et_pb_text][\/et_pb_column][\/et_pb_row][et_pb_row column_structure=&#8220;3_4,1_4&#8243; _builder_version=&#8220;4.2.2&#8243;][et_pb_column type=&#8220;3_4&#8243; _builder_version=&#8220;4.2.2&#8243;][et_pb_text _builder_version=&#8220;4.2.2&#8243;]<\/p>\n<p>Wir treffen nach Ma\u00dfgabe des Art. 32 DSGVO unter Ber\u00fccksichtigung des Stands der Technik, der Implementierungskosten und der Art, des Umfangs, der Umst\u00e4nde und der Zwecke der Verarbeitung sowie der unterschiedlichen Eintrittswahrscheinlichkeit und Schwere des Risikos f\u00fcr die Rechte und Freiheiten nat\u00fcrlicher Personen, geeignete technische und organisatorische Ma\u00dfnahmen, um ein dem Risiko angemessenes Schutzniveau zu gew\u00e4hrleisten. Zu den Ma\u00dfnahmen geh\u00f6ren insbesondere die Sicherung der Vertraulichkeit, Integrit\u00e4t und Verf\u00fcgbarkeit von Daten durch Kontrolle des physischen Zugangs zu den Daten, als auch des sie betreffenden Zugriffs, der Eingabe, Weitergabe, der Sicherung der Verf\u00fcgbarkeit und ihrer Trennung. Des Weiteren haben wir Verfahren eingerichtet, die eine Wahrnehmung von Betroffenenrechten, L\u00f6schung von Daten und Reaktion auf Gef\u00e4hrdung der Daten gew\u00e4hrleisten. Ferner ber\u00fccksichtigen wir den Schutz personenbezogener Daten bereits bei der Entwicklung, bzw. Auswahl von Hardware, Software sowie Verfahren, entsprechend dem Prinzip des Datenschutzes durch Technikgestaltung und durch datenschutzfreundliche Voreinstellungen ber\u00fccksichtigt (Art. 25 DSGVO).<\/p>\n<p>[\/et_pb_text][\/et_pb_column][et_pb_column type=&#8220;1_4&#8243; _builder_version=&#8220;4.2.2&#8243;][\/et_pb_column][\/et_pb_row][et_pb_row _builder_version=&#8220;4.2.2&#8243; custom_padding=&#8220;0|0px|0|0px|false|false&#8220;][et_pb_column type=&#8220;4_4&#8243; _builder_version=&#8220;3.25&#8243; custom_padding=&#8220;|||&#8220; custom_padding__hover=&#8220;|||&#8220;][et_pb_text _builder_version=&#8220;4.2.2&#8243; text_font=&#8220;||||||||&#8220; text_line_height=&#8220;2em&#8220; header_font=&#8220;||||||||&#8220; header_text_color=&#8220;#492200&#8243; header_2_font=&#8220;Abril Fatface||||||||&#8220; header_2_text_color=&#8220;#492200&#8243; header_2_font_size=&#8220;60px&#8220; header_2_line_height=&#8220;1.2em&#8220; max_width=&#8220;600px&#8220; header_2_font_size_tablet=&#8220;50px&#8220; header_2_font_size_phone=&#8220;32px&#8220; header_2_font_size_last_edited=&#8220;on|desktop&#8220;]<\/p>\n<div class=\"et_pb_module et_pb_text et_pb_text_4 et_pb_bg_layout_light  et_pb_text_align_left\">\n<div class=\"et_pb_text_inner\">\n<h2>Rechte der betroffenen Personen<\/h2>\n<\/div>\n<\/div>\n<p>[\/et_pb_text][\/et_pb_column][\/et_pb_row][et_pb_row column_structure=&#8220;3_4,1_4&#8243; _builder_version=&#8220;4.2.2&#8243;][et_pb_column type=&#8220;3_4&#8243; _builder_version=&#8220;4.2.2&#8243;][et_pb_text _builder_version=&#8220;4.2.2&#8243;]<\/p>\n<p>Sie haben das Recht, eine Best\u00e4tigung dar\u00fcber zu verlangen, ob betreffende Daten verarbeitet werden und auf Auskunft \u00fcber diese Daten sowie auf weitere Informationen und Kopie der Daten entsprechend Art. 15 DSGVO. Sie haben entsprechend. Art. 16 DSGVO das Recht, die Vervollst\u00e4ndigung der Sie betreffenden Daten oder die Berichtigung der Sie betreffenden unrichtigen Daten zu verlangen. Sie haben nach Ma\u00dfgabe des Art. 17 DSGVO das Recht zu verlangen, dass betreffende Daten unverz\u00fcglich gel\u00f6scht werden, bzw. alternativ nach Ma\u00dfgabe des Art. 18 DSGVO eine Einschr\u00e4nkung der Verarbeitung der Daten zu verlangen. Sie haben das Recht zu verlangen, dass die Sie betreffenden Daten, die Sie uns bereitgestellt haben nach Ma\u00dfgabe des Art. 20 DSGVO zu erhalten und deren \u00dcbermittlung an andere Verantwortliche zu fordern. Sie haben ferner gem. Art. 77 DSGVO das Recht, eine Beschwerde bei der zust\u00e4ndigen Aufsichtsbeh\u00f6rde einzureichen. Sie haben das Recht, erteilte Einwilligungen gem. Art. 7 Abs. 3 DSGVO mit Wirkung f\u00fcr die Zukunft zu widerrufen.<\/p>\n<p>[\/et_pb_text][\/et_pb_column][et_pb_column type=&#8220;1_4&#8243; _builder_version=&#8220;4.2.2&#8243;][\/et_pb_column][\/et_pb_row][et_pb_row _builder_version=&#8220;4.2.2&#8243; custom_padding=&#8220;0|0px|0|0px|false|false&#8220;][et_pb_column type=&#8220;4_4&#8243; _builder_version=&#8220;3.25&#8243; custom_padding=&#8220;|||&#8220; custom_padding__hover=&#8220;|||&#8220;][et_pb_text _builder_version=&#8220;4.2.2&#8243; text_font=&#8220;||||||||&#8220; text_line_height=&#8220;2em&#8220; header_font=&#8220;||||||||&#8220; header_text_color=&#8220;#492200&#8243; header_2_font=&#8220;Abril Fatface||||||||&#8220; header_2_text_color=&#8220;#492200&#8243; header_2_font_size=&#8220;60px&#8220; header_2_line_height=&#8220;1.2em&#8220; max_width=&#8220;600px&#8220; header_2_font_size_tablet=&#8220;50px&#8220; header_2_font_size_phone=&#8220;32px&#8220; header_2_font_size_last_edited=&#8220;on|desktop&#8220;]<\/p>\n<div class=\"et_pb_module et_pb_text et_pb_text_4 et_pb_bg_layout_light  et_pb_text_align_left\">\n<div class=\"et_pb_text_inner\">\n<h2>Session IDs und Cookies<\/h2>\n<\/div>\n<\/div>\n<p>[\/et_pb_text][\/et_pb_column][\/et_pb_row][et_pb_row column_structure=&#8220;3_4,1_4&#8243; _builder_version=&#8220;4.2.2&#8243;][et_pb_column type=&#8220;3_4&#8243; _builder_version=&#8220;4.2.2&#8243;][et_pb_text _builder_version=&#8220;4.2.2&#8243;]<\/p>\n<p>Beim Besuch unserer Website werden uns von Ihrem Browser automatisch folgende Informationen \u00fcbermittelt (Session-ID): IP-Adresse Ihres Rechners; die Bezeichnung Ihres Web-Browsers und Ihres Betriebssystems; die Anfrage Ihres Browsers (URL und Dateiname); die Internetseite, von der aus Sie zu uns kommen; das Datum und die Uhrzeit Ihres Besuches und wenn Sie \u00fcber eine Suchmaschine zu uns gekommen sind, den\/die Suchbegriffe, \u00fcber den\/die Sie unseren Website gefunden haben; eine Information, ob Ihr Zugriff auf unsere Website erfolgreich war; der Name Ihres Internet-Zugangsproviders; den Umfang der \u00fcbermittelten Daten. Diese Daten werden automatisch beim Besuch einer Seite im Internet gespeichert. Solche Daten werden gespeichert, um vors\u00e4tzliche St\u00f6rungen oder einen Missbrauch des Internetauftrittes ermitteln zu k\u00f6nnen und um Auswertungen \u00fcber die Qualit\u00e4t des jeweiligen Internet-Auftritts durchzuf\u00fchren. Es werden daraus durch uns keine Nutzungsprofile erstellt. Allerdings k\u00f6nnen wir im Falle einer vors\u00e4tzlichen St\u00f6rung oder eines Missbrauches diese Daten (speziell die IP-Adresse des besuchenden Rechners) zur weiteren Bearbeitung an die zust\u00e4ndigen Strafverfolgungsbeh\u00f6rden weitergeben. Eine dar\u00fcber hinausgehende Nutzung oder Weitergabe der vorgenannten Daten an Dritte erfolgt nicht. Die Session-ID kann zu Ihrem Browser und auf die Hardware Ihres Computers \u00fcber ein sog. \u201eSession-Cookie\u201c \u00fcbertragen werden. Cookies sind sehr kleine Textdateien, die Informationen \u00fcber den Besuch auf einer Webseite speichern. Wir \u00fcbertragen Cookies auf Ihre Computerhardware \u00fcber Ihren Browser, um es uns zu erm\u00f6glichen, Ihren Browser und Computer bei jeder Nutzung unserer Webseite wiederzuerkennen. Session Cookies werden automatisch bei jedem Zugriff auf unsere Webseite verwendet. Die vorgenannten Informationen der Session-ID k\u00f6nnen hierin enthalten sein. Sie haben die M\u00f6glichkeit, die Verwendung von Cookies \u00fcber die Einstellungen Ihres Browsers zu akzeptieren oder zu deaktivieren. Wir bitten Sie, f\u00fcr weitere Informationen die Anleitung oder Hilfefunktion Ihres Browsers heranzuziehen. Bei Deaktivierung von Cookies k\u00f6nnen einige Funktionen der Webseite eingeschr\u00e4nkt sein.<\/p>\n<p>[\/et_pb_text][et_pb_text _builder_version=&#8220;4.2.2&#8243; text_font=&#8220;||||||||&#8220; text_line_height=&#8220;2em&#8220; header_font=&#8220;||||||||&#8220; header_text_color=&#8220;#492200&#8243; header_2_font=&#8220;Abril Fatface||||||||&#8220; header_2_text_color=&#8220;#492200&#8243; header_2_font_size=&#8220;60px&#8220; header_2_line_height=&#8220;1.2em&#8220; max_width=&#8220;600px&#8220; header_2_font_size_tablet=&#8220;50px&#8220; header_2_font_size_phone=&#8220;32px&#8220; header_2_font_size_last_edited=&#8220;on|desktop&#8220;]<\/p>\n<div class=\"et_pb_module et_pb_text et_pb_text_4 et_pb_bg_layout_light  et_pb_text_align_left\">\n<div class=\"et_pb_text_inner\">\n<h2>Google Analytics<\/h2>\n<\/div>\n<\/div>\n<p>[\/et_pb_text][et_pb_text _builder_version=&#8220;4.2.2&#8243;]<\/p>\n<p>Diese Website benutzt Google Analytics, einen Webanalysedienst der Google Inc. (\u201eGoogle\u201c). Google Analytics verwendet sog. \u201eCookies\u201c, Textdateien, die auf Ihrem Computer gespeichert werden und die eine Analyse der Benutzung der Website erm\u00f6glichen. Die durch den Cookie erzeugten Informationen \u00fcber Ihre Benutzung dieser Website werden in der Regel an einen Server von Google in den USA \u00fcbertragen und dort gespeichert. Im Falle der Aktivierung der IP-Anonymisierung auf dieser Webseite, wird Ihre IP-Adresse von Google jedoch innerhalb von Mitgliedstaaten der Europ\u00e4ischen Union oder in anderen Vertragsstaaten des Abkommens \u00fcber den Europ\u00e4ischen Wirtschaftsraum zuvor gek\u00fcrzt. Nur in Ausnahmef\u00e4llen wird die volle IP-Adresse an einen Server von Google in den USA \u00fcbertragen und dort gek\u00fcrzt. Im Auftrag des Betreibers dieser Website wird Google diese Informationen benutzen, um Ihre Nutzung der Website auszuwerten, um Reports \u00fcber die Websiteaktivit\u00e4ten zusammenzustellen und um weitere mit der Websitenutzung und der Internetnutzung verbundene Dienstleistungen gegen\u00fcber dem Websitebetreiber zu erbringen. Die im Rahmen von Google Analytics von Ihrem Browser \u00fcbermittelte IP-Adresse wird nicht mit anderen Daten von Google zusammengef\u00fchrt. Sie k\u00f6nnen die Speicherung der Cookies durch eine entsprechende Einstellung Ihrer Browser-Software verhindern; wir weisen Sie jedoch darauf hin, dass Sie in diesem Fall gegebenenfalls nicht s\u00e4mtliche Funktionen dieser Website vollumf\u00e4nglich werden nutzen k\u00f6nnen. Sie k\u00f6nnen dar\u00fcber hinaus die Erfassung der durch das Cookie erzeugten und auf Ihre Nutzung der Website bezogenen Daten (inkl. Ihrer IP-Adresse) an Google sowie die Verarbeitung dieser Daten durch Google verhindern, indem sie das unter dem folgenden Link verf\u00fcgbare Browser-Plugin herunterladen und installieren: <a href=\"https:\/\/tools.google.com\/dlpage\/gaoptout\">https:\/\/tools.google.com\/dlpage\/gaoptout<\/a> Weitere Informationen zum Google Analytics Datenschutz finden Sie\u00a0\u00a0unter<a href=\"http:\/\/www.google.com\/intl\/de\/analytics\/privacyoverview.html\"> www.google.com\/intl\/de\/analytics\/privacyoverview.html.<\/a> Au\u00dferdem weisen wir darauf hin, dass der eingesetzte Tracking-Code um die Zeile \u201e_gaq.push ([\u201a_gat._anonymizeIp\u2018]);\u201c erweitert wurde, sodass Ihre IP-Adresse nur in anonymisierter Form erfasst wird.<\/p>\n<p>[\/et_pb_text][et_pb_text _builder_version=&#8220;4.2.2&#8243; text_font=&#8220;||||||||&#8220; text_line_height=&#8220;2em&#8220; header_font=&#8220;||||||||&#8220; header_text_color=&#8220;#492200&#8243; header_2_font=&#8220;Abril Fatface||||||||&#8220; header_2_text_color=&#8220;#492200&#8243; header_2_font_size=&#8220;60px&#8220; header_2_line_height=&#8220;1.2em&#8220; max_width=&#8220;600px&#8220; header_2_font_size_tablet=&#8220;50px&#8220; header_2_font_size_phone=&#8220;32px&#8220; header_2_font_size_last_edited=&#8220;on|desktop&#8220;]<\/p>\n<div class=\"et_pb_module et_pb_text et_pb_text_4 et_pb_bg_layout_light  et_pb_text_align_left\">\n<div class=\"et_pb_text_inner\">\n<h2>Verwendung von Google Maps<\/h2>\n<\/div>\n<\/div>\n<p>[\/et_pb_text][et_pb_text _builder_version=&#8220;4.2.2&#8243;]<\/p>\n<p>Unsere Webseite benutzt Google Maps API, ein Kartendienst der Google Inc. (\u201eGoogle\u201c), zur Darstellung einer interaktiven Karte und zur Erstellung von Anfahrtspl\u00e4nen. Durch die Nutzung von Google Maps k\u00f6nnen Informationen \u00fcber Ihre Benutzung dieser Webseite (einschlie\u00dflich Ihrer IP-Adresse) an einen Server von Google in den USA \u00fcbertragen und dort gespeichert werden. Google wird die durch die Maps gewonnenen Informationen gegebenenfalls an Dritte \u00fcbertragen, sofern dies gesetzlich vorgeschrieben ist oder soweit Dritte diese Daten im Auftrag von Google verarbeiten. Google wird in keinem Fall Ihre IP-Adresse mit anderen Daten von Google in Verbindung bringen. Trotzdem w\u00e4re es technisch m\u00f6glich, dass Google aufgrund der erhaltenen Daten eine Identifizierung zumindest einzelner Nutzenden vornehmen k\u00f6nnte. Es w\u00e4re m\u00f6glich, dass personenbezogene Daten und Pers\u00f6nlichkeitsprofile von Nutzern der Webseite von Google f\u00fcr andere Zwecke verarbeitet werden k\u00f6nnten, auf welche wir keinen Einfluss haben und haben k\u00f6nnen. Sie haben die M\u00f6glichkeit, den Service von Google Maps zu deaktivieren und somit den Datentransfer an Google zu verhindern, indem Sie JavaScript in Ihrem Browser deaktivieren. Wir weisen Sie jedoch darauf hin, dass Sie in diesem Fall die Kartenanzeige auf unserer Seite nicht nutzen k\u00f6nnen. Google Maps wird von Google Inc., 1600 Amphitheatre Parkway, Mountain View, CA 94043, USA betrieben. N\u00e4here Informationen zum Datenschutz bei f\u00fcr Google Maps finden Sie unter folgendem Link: <a href=\"http:\/\/www.google.com\/intl\/de_de\/help\/terms_maps.html.\">www.google.com\/intl\/de_de\/help\/terms_maps.html.<\/a><\/p>\n<p>[\/et_pb_text][et_pb_text _builder_version=&#8220;4.2.2&#8243; text_font=&#8220;||||||||&#8220; text_line_height=&#8220;2em&#8220; header_font=&#8220;||||||||&#8220; header_text_color=&#8220;#492200&#8243; header_2_font=&#8220;Abril Fatface||||||||&#8220; header_2_text_color=&#8220;#492200&#8243; header_2_font_size=&#8220;60px&#8220; header_2_line_height=&#8220;1.2em&#8220; max_width=&#8220;600px&#8220; header_2_font_size_tablet=&#8220;50px&#8220; header_2_font_size_phone=&#8220;32px&#8220; header_2_font_size_last_edited=&#8220;on|desktop&#8220;]<\/p>\n<div class=\"et_pb_module et_pb_text et_pb_text_4 et_pb_bg_layout_light  et_pb_text_align_left\">\n<div class=\"et_pb_text_inner\">\n<h2>Verweise auf externe Links<\/h2>\n<\/div>\n<\/div>\n<p>[\/et_pb_text][et_pb_text _builder_version=&#8220;4.2.2&#8243;]<\/p>\n<p>Simioni GbR hat keinerlei Kontrolle \u00fcber die Inhalte der Webseiten Dritter. F\u00fcr die Inhalte der verlinkten Seiten ist stets der jeweilige Anbieter oder Betreiber der Seiten verantwortlich. Die verlinkten Seiten wurden zum Zeitpunkt der Verlinkung auf m\u00f6gliche Rechtsverst\u00f6\u00dfe \u00fcberpr\u00fcft. Rechtswidrige Inhalte waren zum Zeitpunkt der Verlinkung nicht erkennbar. Die dort angebotenen Informationen, Waren oder Dienstleistungen werden von der Simioni GbR weder gepr\u00fcft noch in irgendeiner Weise unterst\u00fctzt. Bei Bekanntwerden von Rechtsverletzungen werden wir derartige Links umgehend entfernen. Die Simioni GbR \u00fcbernimmt daher keinerlei Verantwortung, aus welchem Rechtsgrund auch immer, f\u00fcr den Inhalt der Webseiten Dritter.<\/p>\n<p>[\/et_pb_text][\/et_pb_column][et_pb_column type=&#8220;1_4&#8243; _builder_version=&#8220;4.2.2&#8243;][\/et_pb_column][\/et_pb_row][\/et_pb_section][et_pb_section fb_built=&#8220;1&#8243; admin_label=&#8220;Contact&#8220; module_id=&#8220;reservieren&#8220; module_class=&#8220;reservieren&#8220; _builder_version=&#8220;4.3.2&#8243; background_color=&#8220;#f9f9fb&#8220; use_background_color_gradient=&#8220;on&#8220; background_color_gradient_start=&#8220;#ffffff&#8220; background_color_gradient_end=&#8220;#ffffff&#8220; background_color_gradient_type=&#8220;radial&#8220; background_color_gradient_direction_radial=&#8220;top left&#8220; background_color_gradient_start_position=&#8220;20%&#8220; background_color_gradient_end_position=&#8220;20%&#8220; background_size=&#8220;initial&#8220; background_position=&#8220;bottom_left&#8220; global_module=&#8220;2586&#8243; saved_tabs=&#8220;all&#8220;][et_pb_row _builder_version=&#8220;4.2.2&#8243;][et_pb_column type=&#8220;4_4&#8243; _builder_version=&#8220;4.2.2&#8243;][et_pb_text _builder_version=&#8220;4.2.2&#8243; text_font=&#8220;||||||||&#8220; text_line_height=&#8220;2em&#8220; header_font=&#8220;||||||||&#8220; header_text_color=&#8220;#492200&#8243; header_2_font=&#8220;Abril Fatface||||||||&#8220; header_2_text_color=&#8220;#492200&#8243; header_2_font_size=&#8220;60px&#8220; header_2_line_height=&#8220;1.2em&#8220; text_orientation=&#8220;center&#8220; width=&#8220;68%&#8220; module_alignment=&#8220;center&#8220; header_2_font_size_tablet=&#8220;50px&#8220; header_2_font_size_phone=&#8220;26px&#8220; header_2_font_size_last_edited=&#8220;on|phone&#8220; locked=&#8220;off&#8220;]<\/p>\n<h2>Hier finden Sie uns zu unseren \u00d6ffnungszeiten<\/h2>\n<p>[\/et_pb_text][\/et_pb_column][\/et_pb_row][et_pb_row column_structure=&#8220;1_2,1_2&#8243; module_id=&#8220;reservieren&#8220; module_class=&#8220;reservieren&#8220; _builder_version=&#8220;4.2.2&#8243;][et_pb_column type=&#8220;1_2&#8243; _builder_version=&#8220;4.2.2&#8243;][et_pb_cta title=&#8220;Jetzt Reservieren&#8220; _builder_version=&#8220;4.9.4&#8243; header_font=&#8220;Abril Fatface|700||on|||||&#8220; body_font=&#8220;Cabin||||||||&#8220; body_font_size=&#8220;17px&#8220; body_line_height=&#8220;1em&#8220; background_color=&#8220;#00966e&#8220; header_font_size_tablet=&#8220;&#8220; header_font_size_phone=&#8220;20px&#8220; header_font_size_last_edited=&#8220;on|phone&#8220;]<\/p>\n<p>&nbsp;<\/p>\n<p>Reservierungen nur telefonisch ab 17 Uhr<\/p>\n<p><strong>Telefon: 06221 8733399<\/strong><\/p>\n<p>Wir freuen uns auf Sie.<\/p>\n<p>Bei Fragen k\u00f6nnen Sie uns gerne per Mail erreichen: <a href=\"mailto:info@ritter-handschuhsheim.com\"><span style=\"color: #ffffff;\">info@ritter-handschuhsheim.com<\/span><\/a><\/p>\n<p>Nur Barzahlung m\u00f6glich!<\/p>\n<p>Wir sind hundefreies Restaurant. Wir bitten um Verst\u00e4ndnis<\/p>\n<p>[\/et_pb_cta][\/et_pb_column][et_pb_column type=&#8220;1_2&#8243; _builder_version=&#8220;4.2.2&#8243;][et_pb_cta title=&#8220; UNSERE \u00d6ffnungszeiten&#8220; disabled_on=&#8220;off|off|off&#8220; _builder_version=&#8220;4.6.5&#8243; header_font=&#8220;Abril Fatface|700||on|||||&#8220; body_font=&#8220;Cabin||||||||&#8220; body_font_size=&#8220;17px&#8220; body_line_height=&#8220;1em&#8220; background_color=&#8220;#D62612&#8243; header_font_size_tablet=&#8220;&#8220; header_font_size_phone=&#8220;20px&#8220; header_font_size_last_edited=&#8220;on|phone&#8220;]<\/p>\n<p>(K\u00dcCHE)<br \/><strong><\/strong><\/p>\n<p><strong><\/strong><\/p>\n<p><strong><\/strong><strong>Mo<\/strong>: Ruhetag<\/p>\n<p><strong>Di-Do<\/strong>: 17:00 &#8211; 22:30 Uhr<\/p>\n<p>Fr-Sa: 17:00 &#8211; 23:00 Uhr<\/p>\n<p><strong>So<\/strong>: 12:00 &#8211; 21:30 Uhr<\/p>\n<p>[\/et_pb_cta][\/et_pb_column][\/et_pb_row][et_pb_row _builder_version=&#8220;4.9.4&#8243;][et_pb_column type=&#8220;4_4&#8243; _builder_version=&#8220;3.25&#8243; custom_padding=&#8220;|||&#8220; custom_padding__hover=&#8220;|||&#8220;][et_pb_map zoom_level=&#8220;15&#8243; address_lat=&#8220;49.429599964158&#8243; address_lng=&#8220;8.6846268019557&#8243; _builder_version=&#8220;4.2.2&#8243; filter_saturate=&#8220;91%&#8220; filter_brightness=&#8220;86%&#8220; filter_contrast=&#8220;168%&#8220;][et_pb_map_pin title=&#8220;Zum Ritter Heidelberg&#8220; pin_address=&#8220;Friedensstra\u00dfe 27, 69121 Heidelberg&#8220; pin_address_lat=&#8220;49.42984481495&#8243; pin_address_lng=&#8220;8.6853790283203&#8243; _builder_version=&#8220;4.2.2&#8243;]<\/p>\n<p><span style=\"color: #333333;\">Friedensstra\u00dfe 27, 69121 Heidelberg<\/span><\/p>\n<p>[\/et_pb_map_pin][\/et_pb_map][\/et_pb_column][\/et_pb_row][\/et_pb_section][et_pb_section fb_built=&#8220;1&#8243; disabled_on=&#8220;on|on|on&#8220; admin_label=&#8220;Stats&#8220; _builder_version=&#8220;4.9.2&#8243; background_color=&#8220;#00966e&#8220; max_width_tablet=&#8220;&#8220; max_width_phone=&#8220;&#8220; max_width_last_edited=&#8220;on|phone&#8220; disabled=&#8220;on&#8220; global_module=&#8220;2587&#8243; saved_tabs=&#8220;all&#8220;][et_pb_row column_structure=&#8220;1_3,1_3,1_3&#8243; _builder_version=&#8220;3.25&#8243;][et_pb_column type=&#8220;1_3&#8243; _builder_version=&#8220;3.25&#8243; custom_padding=&#8220;|||&#8220; custom_padding__hover=&#8220;|||&#8220;][et_pb_number_counter title=&#8220;Nationen&#8220; number=&#8220;2&#8243; percent_sign=&#8220;off&#8220; _builder_version=&#8220;4.2.2&#8243; title_level=&#8220;h5&#8243; title_font=&#8220;Cabin|||on|||||&#8220; title_letter_spacing=&#8220;2px&#8220; number_font=&#8220;Abril Fatface||||||||&#8220; number_text_color=&#8220;#ffffff&#8220; number_font_size=&#8220;72px&#8220; number_line_height=&#8220;1em&#8220; background_layout=&#8220;dark&#8220; max_width_phone=&#8220;100%&#8220; max_width_last_edited=&#8220;off|desktop&#8220;][\/et_pb_number_counter][\/et_pb_column][et_pb_column type=&#8220;1_3&#8243; _builder_version=&#8220;3.25&#8243; custom_padding=&#8220;|||&#8220; custom_padding__hover=&#8220;|||&#8220;][et_pb_number_counter title=&#8220;Gerichte&#8220; number=&#8220;64&#8243; percent_sign=&#8220;off&#8220; _builder_version=&#8220;4.3.2&#8243; title_level=&#8220;h5&#8243; title_font=&#8220;Cabin|||on|||||&#8220; title_letter_spacing=&#8220;2px&#8220; number_font=&#8220;Abril Fatface||||||||&#8220; number_text_color=&#8220;#ffffff&#8220; number_font_size=&#8220;72px&#8220; number_line_height=&#8220;1em&#8220; background_layout=&#8220;dark&#8220; max_width_phone=&#8220;100%&#8220; max_width_last_edited=&#8220;off|desktop&#8220;][\/et_pb_number_counter][\/et_pb_column][et_pb_column type=&#8220;1_3&#8243; _builder_version=&#8220;3.25&#8243; custom_padding=&#8220;|||&#8220; custom_padding__hover=&#8220;|||&#8220;][et_pb_number_counter title=&#8220;Hektoliter Bier im Jahr&#8220; number=&#8220;89&#8243; percent_sign=&#8220;off&#8220; _builder_version=&#8220;4.2.2&#8243; title_level=&#8220;h5&#8243; title_font=&#8220;Cabin|||on|||||&#8220; title_letter_spacing=&#8220;2px&#8220; number_font=&#8220;Abril Fatface||||||||&#8220; number_text_color=&#8220;#ffffff&#8220; number_font_size=&#8220;72px&#8220; number_line_height=&#8220;1em&#8220; background_layout=&#8220;dark&#8220; max_width_phone=&#8220;100%&#8220; max_width_last_edited=&#8220;off|desktop&#8220;][\/et_pb_number_counter][\/et_pb_column][\/et_pb_row][\/et_pb_section][et_pb_section fb_built=&#8220;1&#8243; _builder_version=&#8220;4.2.2&#8243; background_color=&#8220;#D62612&#8243; global_module=&#8220;2588&#8243; saved_tabs=&#8220;all&#8220;][et_pb_row _builder_version=&#8220;4.2.2&#8243;][et_pb_column type=&#8220;4_4&#8243; _builder_version=&#8220;4.2.2&#8243;][et_pb_text _builder_version=&#8220;4.3.4&#8243; text_font=&#8220;||||||||&#8220; text_text_color=&#8220;#ffffff&#8220; header_font=&#8220;Abril Fatface|300|||||||&#8220; header_3_font=&#8220;Abril Fatface|||on|||||&#8220; header_3_font_size=&#8220;20px&#8220; text_orientation=&#8220;center&#8220; header_3_text_color_tablet=&#8220;&#8220; header_3_text_color_phone=&#8220;&#8220; header_3_text_color_last_edited=&#8220;on|phone&#8220;]<\/p>\n<h3 style=\"text-align: center;\"><span color=\"#ffffff\" style=\"color: #ffffff;\">Restaurant zum Ritter Heidelberg\u00a0<\/span><\/h3>\n<p><span color=\"#ffffff\" style=\"color: #ffffff;\">Friedensstra\u00dfe 27,<br \/> 69121 Heidelberg<br \/> Telefon: 06221 8733399<br \/> <\/span><a href=\"mailto:info@ritter-handschuhsheim.com\"><span color=\"#ffffff\" style=\"color: #ffffff;\">info@ritter-handschuhsheim.com<\/span><\/a><\/p>\n<p>[\/et_pb_text][et_pb_image src=&#8220;https:\/\/ritter-handschuhsheim.com\/wp-content\/uploads\/2021\/06\/Ritter_Logo_New_Tranparent_2.png&#8220; title_text=&#8220;Ritter_Logo_New_Tranparent_2&#8243; show_bottom_space=&#8220;off&#8220; _builder_version=&#8220;4.9.4&#8243; width=&#8220;15%&#8220; width_tablet=&#8220;20%&#8220; width_phone=&#8220;30%&#8220; width_last_edited=&#8220;on|phone&#8220; module_alignment=&#8220;center&#8220;][\/et_pb_image][et_pb_social_media_follow _builder_version=&#8220;4.2.2&#8243; text_orientation=&#8220;center&#8220; custom_margin=&#8220;26px|||0px||&#8220; custom_padding=&#8220;17px|||0px||&#8220;][et_pb_social_media_follow_network social_network=&#8220;facebook&#8220; url=&#8220;http:\/\/facebook.com\/Ritter.Handschuhsheim\/&#8220; _builder_version=&#8220;4.2.2&#8243; background_color=&#8220;#9e0000&#8243; border_radii=&#8220;on|10px|10px|10px|10px&#8220; border_width_all=&#8220;10px&#8220; border_color_all=&#8220;#9e0000&#8243; follow_button=&#8220;off&#8220; url_new_window=&#8220;on&#8220;]facebook[\/et_pb_social_media_follow_network][\/et_pb_social_media_follow][et_pb_text _builder_version=&#8220;4.2.2&#8243; text_font=&#8220;Cabin||||||||&#8220; text_orientation=&#8220;center&#8220;]<\/p>\n<h6 style=\"text-align: center;\"><span style=\"color: #ffffff;\"><a href=\"https:\/\/ritter-handschuhsheim.com\/impressum\/\" style=\"color: #ffffff;\"><span style=\"text-decoration: underline;\">Impressum<\/span><\/a>\u00a0 \u00a0 \u00a0 \u00a0 \u00a0 \u00a0 \u00a0 \u00a0 \u00a0 \u00a0 \u00a0 <a href=\"https:\/\/ritter-handschuhsheim.com\/datenschutz\/\" style=\"color: #ffffff;\"><span style=\"text-decoration: underline;\">Datenschutz<\/span><\/a><\/span><\/h6>\n<p>[\/et_pb_text][\/et_pb_column][\/et_pb_row][\/et_pb_section]<\/p>\n","protected":false},"excerpt":{"rendered":"<p>DatenschutzDiese Datenschutzerkl\u00e4rung kl\u00e4rt Sie \u00fcber die Art, den Umfang und Zweck der Verarbeitung von personenbezogenen Daten (nachfolgend kurz \u201eDaten\u201c) innerhalb unseres Onlineangebotes und der mit ihm verbundenen Webseiten, Funktionen und Inhalte sowie externen Onlinepr\u00e4senzen, wie z.B. unser Social Media Profile auf (nachfolgend gemeinsam bezeichnet als \u201eOnlineangebot\u201c). Im Hinblick auf die verwendeten Begrifflichkeiten, wie z.B. \u201eVerarbeitung\u201c [&hellip;]<\/p>\n","protected":false},"author":1,"featured_media":0,"parent":0,"menu_order":0,"comment_status":"closed","ping_status":"closed","template":"","meta":{"_et_pb_use_builder":"on","_et_pb_old_content":"","_et_gb_content_width":"","footnotes":""},"class_list":["post-2161","page","type-page","status-publish","hentry"],"_links":{"self":[{"href":"https:\/\/ritter-handschuhsheim.com\/index.php?rest_route=\/wp\/v2\/pages\/2161","targetHints":{"allow":["GET"]}}],"collection":[{"href":"https:\/\/ritter-handschuhsheim.com\/index.php?rest_route=\/wp\/v2\/pages"}],"about":[{"href":"https:\/\/ritter-handschuhsheim.com\/index.php?rest_route=\/wp\/v2\/types\/page"}],"author":[{"embeddable":true,"href":"https:\/\/ritter-handschuhsheim.com\/index.php?rest_route=\/wp\/v2\/users\/1"}],"replies":[{"embeddable":true,"href":"https:\/\/ritter-handschuhsheim.com\/index.php?rest_route=%2Fwp%2Fv2%2Fcomments&post=2161"}],"version-history":[{"count":22,"href":"https:\/\/ritter-handschuhsheim.com\/index.php?rest_route=\/wp\/v2\/pages\/2161\/revisions"}],"predecessor-version":[{"id":3294,"href":"https:\/\/ritter-handschuhsheim.com\/index.php?rest_route=\/wp\/v2\/pages\/2161\/revisions\/3294"}],"wp:attachment":[{"href":"https:\/\/ritter-handschuhsheim.com\/index.php?rest_route=%2Fwp%2Fv2%2Fmedia&parent=2161"}],"curies":[{"name":"wp","href":"https:\/\/api.w.org\/{rel}","templated":true}]}}